{"id":8865,"date":"2022-12-13T09:32:37","date_gmt":"2022-12-13T08:32:37","guid":{"rendered":"https:\/\/www.km0.info\/room-rental\/room-rental-in-alsace\/"},"modified":"2022-12-13T09:32:37","modified_gmt":"2022-12-13T08:32:37","slug":"room-rental-in-alsace","status":"publish","type":"page","link":"https:\/\/www.km0.info\/en\/room-rental\/room-rental-in-alsace\/","title":{"rendered":"Room rental in Alsace"},"content":{"rendered":"<p>Where to organize your event in Alsace&nbsp;? KM\u00d8 has about <strong>800<sup>m2<\/sup> to rent<\/strong> for any type of professional event&nbsp;: congress, seminar, meeting, product launch, award ceremony&#8230;<\/p>\n<p><!-- flzn:zn_imgtextblock --><\/p>\n<div id=\"flzn-imgtextblock-1\" class=\"zn zone zn-imgtextblock\">\n<div class=\"zone-block zn-imgtextblock-block pdd-top-off pdd-bottom-off alignwide va-center\">\n<div class=\"row mw-content-zone\">\n<div class=\"columns large-12\">\n<div class=\"row with-nice-alignment zn-imgtextblock-row img-left va-center\" data-equalizer=\"\" data-equalize-on=\"large\">\n<div class=\"columns large-6 zn-imgtextblock-colimg\" data-equalizer-watch=\"\">\n<div class=\"columns-inner zn-imgtextblock-col-inner\">\n<p>\t\t\t\t\t\t<span class=\"deco1\"><\/span><br \/>\n\t\t\t\t\t\t<span class=\"deco2\"><\/span><br \/>\n\t\t\t\t\t\t<span class=\"deco3\"><\/span><\/p>\n<div class=\"zn-imgtextblock-imgbox\" title=\"\">\n<figure class=\"zn-imgtextblock-figure\">\n\t\t\t\t\t\t\t<img decoding=\"async\" class=\"zn-imgtextblock-img\" src=\"https:\/\/www.km0.info\/wp-inside\/uploads\/2020\/09\/279833797_1453297211756486_4606759528244458694_n-1024x768.jpg\" alt=\"\"><br \/>\n\t\t\t\t\t\t\t\t\t\t\t\t\t<\/figure>\n<\/p><\/div>\n<\/p><\/div>\n<\/p><\/div>\n<div class=\"columns large-6 zn-imgtextblock-coldesc\" data-equalizer-watch=\"\">\n<div class=\"columns-inner zn-imgtextblock-descbox\">\n<div class=\"zn-imgtextblock-desc wig-content\">\n<h2>5 rooms for all professional events in Alsace<\/h2>\n<p>Rendezvous at the heart of digital innovation at KM\u00d8 (Mulhouse). Several <strong>modular spaces<\/strong> will allow you to organize your meeting or conference in Alsace. Host up to 50 people in one of the two conference rooms, or <strong>up to 600 people<\/strong> by privatizing the entire space.<\/p>\n<p>KM\u00d8&#8217;s team will help you <strong>organize your event<\/strong> by offering you all the necessary services&nbsp;: equipment, animation, decoration&#8230; As for the catering, KM\u00d8 has the advantage of hosting a <strong>restaurant-caterer<\/strong> whose reputation is well known among Mulhousians.<\/p>\n<\/div><\/div>\n<\/p><\/div>\n<\/p><\/div>\n<\/p><\/div>\n<\/p><\/div>\n<\/div>\n<\/div>\n<p><!-- \/flzn:zn_imgtextblock --><br \/>\n<!-- flzn:zn_imgtextblock --><\/p>\n<div id=\"flzn-imgtextblock-2\" class=\"zn zone zn-imgtextblock\">\n<div class=\"zone-block zn-imgtextblock-block pdd-bottom-off alignwide va-center\">\n<div class=\"row mw-content-zone\">\n<div class=\"columns large-12\">\n<div class=\"row with-nice-alignment zn-imgtextblock-row img-right va-center\" data-equalizer=\"\" data-equalize-on=\"large\">\n<div class=\"columns large-6 large-push-6 zn-imgtextblock-colimg\" data-equalizer-watch=\"\">\n<div class=\"columns-inner zn-imgtextblock-col-inner\">\n<p>\t\t\t\t\t\t<span class=\"deco1\"><\/span><br \/>\n\t\t\t\t\t\t<span class=\"deco2\"><\/span><br \/>\n\t\t\t\t\t\t<span class=\"deco3\"><\/span><\/p>\n<div class=\"zn-imgtextblock-imgbox\" title=\"\">\n<figure class=\"zn-imgtextblock-figure\">\n\t\t\t\t\t\t\t<img decoding=\"async\" class=\"zn-imgtextblock-img\" src=\"https:\/\/www.km0.info\/wp-inside\/uploads\/2020\/10\/a-propos-km0-ecosysteme-industrie-numerique-mulhouse.jpg\" alt=\"\"><br \/>\n\t\t\t\t\t\t\t\t\t\t\t\t\t<\/figure>\n<\/p><\/div>\n<\/p><\/div>\n<\/p><\/div>\n<div class=\"columns large-6 large-pull-6 zn-imgtextblock-coldesc\" data-equalizer-watch=\"\">\n<div class=\"columns-inner zn-imgtextblock-descbox\">\n<div class=\"zn-imgtextblock-desc wig-content\">\n<h2>KM\u00d8, since 2019&nbsp;: unusual place in Alsace<\/h2>\n<p>KM\u00d8 is a concept in its own right, located in a former factory that has been rehabilitated. The building was first a train station before it became the home of the Soci\u00e9t\u00e9 alsacienne de constructions m\u00e9caniques (SACM), and then the W\u00e4rtsila stores. A long history of over a century that continues today with an <strong>ecosystem dedicated to the digital transformation of the industry<\/strong>.<\/p>\n<p>Digital companies, industrialists, startups and students rub shoulders and collaborate on future projects. The companies established at KM\u00d8 come from Alsace but also from Belgium, Germany&#8230; And students do not hesitate to join us from the other side of the country to integrate an innovative training.<\/p>\n<p>On the first floor of the building, the <strong>large event hall<\/strong> always makes an impression. It is spacious, very bright, and you can appreciate the elements preserved from the old factory. At your disposal in addition to the hall&nbsp;: an <strong>auditorium<\/strong>, and two <strong>conference rooms<\/strong> separated by an <strong>open space<\/strong>, suitable for a small cocktail party for example.<\/p>\n<\/div><\/div>\n<\/p><\/div>\n<\/p><\/div>\n<\/p><\/div>\n<\/p><\/div>\n<\/div>\n<\/div>\n<p><!-- \/flzn:zn_imgtextblock --><br \/>\n<!-- flzn:zn_imgtextblock --><\/p>\n<div id=\"flzn-imgtextblock-3\" class=\"zn zone zn-imgtextblock\">\n<div class=\"zone-block zn-imgtextblock-block alignwide va-center\">\n<div class=\"row mw-content-zone\">\n<div class=\"columns large-12\">\n<div class=\"row with-nice-alignment zn-imgtextblock-row img-left va-center\" data-equalizer=\"\" data-equalize-on=\"large\">\n<div class=\"columns large-6 zn-imgtextblock-colimg\" data-equalizer-watch=\"\">\n<div class=\"columns-inner zn-imgtextblock-col-inner\">\n<p>\t\t\t\t\t\t<span class=\"deco1\"><\/span><br \/>\n\t\t\t\t\t\t<span class=\"deco2\"><\/span><br \/>\n\t\t\t\t\t\t<span class=\"deco3\"><\/span><\/p>\n<div class=\"zn-imgtextblock-imgbox\" title=\"\">\n<figure class=\"zn-imgtextblock-figure\">\n\t\t\t\t\t\t\t<img decoding=\"async\" class=\"zn-imgtextblock-img\" src=\"https:\/\/www.km0.info\/wp-inside\/uploads\/2020\/10\/location-salle-mulhouse-cocktail.jpg\" alt=\"\"><br \/>\n\t\t\t\t\t\t\t\t\t\t\t\t\t<\/figure>\n<\/p><\/div>\n<\/p><\/div>\n<\/p><\/div>\n<div class=\"columns large-6 zn-imgtextblock-coldesc\" data-equalizer-watch=\"\">\n<div class=\"columns-inner zn-imgtextblock-descbox\">\n<div class=\"zn-imgtextblock-desc wig-content\">\n<h2>Your room to rent in Mulhouse, Alsace<\/h2>\n<p>Welcome to Mulhouse,<sup>2nd<\/sup> largest city in Alsace&nbsp;! KM\u00d8 is located in the Fonderie, a student district in full mutation, close to nature and near the city center.<\/p>\n<p>We recommend that you take the train and walk <strong>15 minutes<\/strong> along the canal to reach your room. KM\u00d8 is also easily accessible by car, bicycle and streetcar. <strong>The international airport<\/strong> Basel-Mulhouse-Freiburg is only 30 minutes away by car and accessible by train.<\/p>\n<p>If you come for the first time in Alsace and your congress leaves you some time for the  <strong>business tourism<\/strong>If you want to go to the city, don&#8217;t hesitate to visit one of the many museums of Mulhouse, to admire the beauty of the landscapes by moving away from the city (Route des Vins&#8230;), or to visit a typical Alsatian village.<\/p>\n<\/div><\/div>\n<\/p><\/div>\n<\/p><\/div>\n<\/p><\/div>\n<\/p><\/div>\n<\/div>\n<\/div>\n<p><!-- \/flzn:zn_imgtextblock --><br \/>\n<!-- flzn:zn_calltoaction --><\/p>\n<div id=\"flzn-calltoaction-1\" class=\"zn zone zn-calltoaction with-bg bg-color bg-color-is-gray\"><span class=\"zone-bg bg-color bgc-gray alignfull\"><\/span><\/p>\n<div class=\"zone-block zn-calltoaction-block alignfull va-top text-center\">\n<div class=\"zn-calltoaction-list row small-up-1 medium-up-1 nb-bloc-1 alignfull va-top text-center oneblock\" data-equalizer=\"\" data-equalize-on=\"large\">\n<div class=\"zn-calltoaction-bloc column\" data-equalizer-watch=\"\">\n<div class=\"column-inner\">\n<div class=\"zn-calltoaction-innerbox\">\n<div class=\"zn-calltoaction-bloc-titledesc\">\n<h3 class=\"zn-calltoaction-bloc-title h2\">\n  Invite the participants of your event in a unique place that has no equal in all Alsace&nbsp;!  <\/h3>\n<\/p><\/div>\n<div class=\"zn-calltoaction-buttons-box\">\n<p>\t\t\t\t\t\t\t\t\t\t\t\t\t\t\t\t<a class=\"button secondary arrow\" href=\"\/?page_id=4309\" title=\"Room rental\"><br \/>\n  More info  <\/a><\/p>\n<p>\t\t\t\t\t\t\t\t\t\t\t\t\t\t\t\t<a class=\"button secondary arrow\" href=\"\/?page_id=18\" title=\"Rent a room\"><br \/>\n  Rent a room  <\/a>\n\t\t\t\t\t\t\t\t\t\t\t\t\t\t\t\t\t\t\t\t<\/div>\n<\/p><\/div>\n<\/p><\/div>\n<\/p><\/div>\n<\/p><\/div>\n<\/div>\n<\/div>\n<p><!-- \/flzn:zn_calltoaction --><br \/>\n<!-- flzn:zn_galleryblock --><\/p>\n<div id=\"flzn-galleryblock-1\" class=\"zn zone zn-galleryblock with-bg bg-color bg-color-is-white\"><span class=\"zone-bg bg-color bgc-white alignfull\"><\/span><\/p>\n<div class=\"zone-block zn-galleryblock-block alignwide va-top\">\n<div class=\"row mw-content-zone\">\n<div class=\"large-12 columns\">\n<div class=\"zn-galleryblock-list row small-up-2 medium-up-3 xlarge-up-4 blockgrid-center gallery\">\n<div class=\"zn-galleryblock-item gallery-item column\">\n<div class=\"zn-galleryblock-item-inner\" data-aos=\"fade-up\" data-aos-once=\"true\" data-aos-anchor=\"#flzn-galleryblock-1\" data-aos-anchor-placement=\"top-bottom\" data-aos-delay=\"0\">\n\t\t\t\t\t\t\t<a class=\"swipebox\" href=\"https:\/\/www.km0.info\/wp-inside\/uploads\/2020\/09\/colloque-u-185x185.jpg\" title=\"\" rel=\"galleryzone-flzn-galleryblock-1\"><\/p>\n<div class=\"imgbox\">\n\t\t\t\t\t\t\t\t\t\t\t\t\t\t\t\t\t\t<img decoding=\"async\" src=\"https:\/\/www.km0.info\/wp-inside\/uploads\/2020\/09\/colloque-u-185x185.jpg\" alt=\"conference room\" data-interchange=\"[https:\/\/www.km0.info\/wp-inside\/uploads\/2020\/09\/colloque-u-185x185.jpg, small],[https:\/\/www.km0.info\/wp-inside\/uploads\/2020\/09\/colloque-u-370x300.jpg, gsmall],[https:\/\/www.km0.info\/wp-inside\/uploads\/2020\/09\/colloque-u-185x185.jpg, large],[https:\/\/www.km0.info\/wp-inside\/uploads\/2020\/09\/colloque-u-370x300.jpg, glarge],\">\n\t\t\t\t\t\t\t\t<\/div>\n<p>\t\t\t\t\t\t\t<\/a>\n\t\t\t\t\t\t<\/div>\n<\/p><\/div>\n<div class=\"zn-galleryblock-item gallery-item column\">\n<div class=\"zn-galleryblock-item-inner\" data-aos=\"fade-up\" data-aos-once=\"true\" data-aos-anchor=\"#flzn-galleryblock-1\" data-aos-anchor-placement=\"top-bottom\" data-aos-delay=\"150\">\n\t\t\t\t\t\t\t<a class=\"swipebox\" href=\"https:\/\/www.km0.info\/wp-inside\/uploads\/2021\/04\/salle-colloque-e1619788963717.jpg\" title=\"\" rel=\"galleryzone-flzn-galleryblock-1\"><\/p>\n<div class=\"imgbox\">\n\t\t\t\t\t\t\t\t\t\t\t\t\t\t\t\t\t\t<img decoding=\"async\" src=\"https:\/\/www.km0.info\/wp-inside\/uploads\/2021\/04\/salle-colloque-e1619788963717-185x185.jpg\" alt=\"conference room\" data-interchange=\"[https:\/\/www.km0.info\/wp-inside\/uploads\/2021\/04\/salle-colloque-e1619788963717-185x185.jpg, small],[https:\/\/www.km0.info\/wp-inside\/uploads\/2021\/04\/salle-colloque-e1619788963717-370x300.jpg, gsmall],[https:\/\/www.km0.info\/wp-inside\/uploads\/2021\/04\/salle-colloque-e1619788963717-185x185.jpg, large],[https:\/\/www.km0.info\/wp-inside\/uploads\/2021\/04\/salle-colloque-e1619788963717-370x300.jpg, glarge],\">\n\t\t\t\t\t\t\t\t<\/div>\n<p>\t\t\t\t\t\t\t<\/a>\n\t\t\t\t\t\t<\/div>\n<\/p><\/div>\n<div class=\"zn-galleryblock-item gallery-item column\">\n<div class=\"zn-galleryblock-item-inner\" data-aos=\"fade-up\" data-aos-once=\"true\" data-aos-anchor=\"#flzn-galleryblock-1\" data-aos-anchor-placement=\"top-bottom\" data-aos-delay=\"300\">\n\t\t\t\t\t\t\t<a class=\"swipebox\" href=\"https:\/\/www.km0.info\/wp-inside\/uploads\/2020\/10\/louer-salle-congres-mulhouse-185x185.jpg\" title=\"\" rel=\"galleryzone-flzn-galleryblock-1\"><\/p>\n<div class=\"imgbox\">\n\t\t\t\t\t\t\t\t\t\t\t\t\t\t\t\t\t\t<img decoding=\"async\" src=\"https:\/\/www.km0.info\/wp-inside\/uploads\/2020\/10\/louer-salle-congres-mulhouse-185x185.jpg\" alt=\"room rental\" data-interchange=\"[https:\/\/www.km0.info\/wp-inside\/uploads\/2020\/10\/louer-salle-congres-mulhouse-185x185.jpg, small],[https:\/\/www.km0.info\/wp-inside\/uploads\/2020\/10\/louer-salle-congres-mulhouse-370x300.jpg, gsmall],[https:\/\/www.km0.info\/wp-inside\/uploads\/2020\/10\/louer-salle-congres-mulhouse-185x185.jpg, large],[https:\/\/www.km0.info\/wp-inside\/uploads\/2020\/10\/louer-salle-congres-mulhouse-370x300.jpg, glarge],\">\n\t\t\t\t\t\t\t\t<\/div>\n<p>\t\t\t\t\t\t\t<\/a>\n\t\t\t\t\t\t<\/div>\n<\/p><\/div>\n<div class=\"zn-galleryblock-item gallery-item column\">\n<div class=\"zn-galleryblock-item-inner\" data-aos=\"fade-up\" data-aos-once=\"true\" data-aos-anchor=\"#flzn-galleryblock-1\" data-aos-anchor-placement=\"top-bottom\" data-aos-delay=\"450\">\n\t\t\t\t\t\t\t<a class=\"swipebox\" href=\"https:\/\/www.km0.info\/wp-inside\/uploads\/2019\/11\/mulhouse-cest-vous-evenement-185x185.jpg\" title=\"\" rel=\"galleryzone-flzn-galleryblock-1\"><\/p>\n<div class=\"imgbox\">\n\t\t\t\t\t\t\t\t\t\t\t\t\t\t\t\t\t\t<img decoding=\"async\" src=\"https:\/\/www.km0.info\/wp-inside\/uploads\/2019\/11\/mulhouse-cest-vous-evenement-185x185.jpg\" alt=\"event mulhouse room rental\" data-interchange=\"[https:\/\/www.km0.info\/wp-inside\/uploads\/2019\/11\/mulhouse-cest-vous-evenement-185x185.jpg, small],[https:\/\/www.km0.info\/wp-inside\/uploads\/2019\/11\/mulhouse-cest-vous-evenement-370x300.jpg, gsmall],[https:\/\/www.km0.info\/wp-inside\/uploads\/2019\/11\/mulhouse-cest-vous-evenement-185x185.jpg, large],[https:\/\/www.km0.info\/wp-inside\/uploads\/2019\/11\/mulhouse-cest-vous-evenement-370x300.jpg, glarge],\">\n\t\t\t\t\t\t\t\t<\/div>\n<p>\t\t\t\t\t\t\t<\/a>\n\t\t\t\t\t\t<\/div>\n<\/p><\/div>\n<div class=\"zn-galleryblock-item gallery-item column\">\n<div class=\"zn-galleryblock-item-inner\" data-aos=\"fade-up\" data-aos-once=\"true\" data-aos-anchor=\"#flzn-galleryblock-1\" data-aos-anchor-placement=\"top-bottom\" data-aos-delay=\"600\">\n\t\t\t\t\t\t\t<a class=\"swipebox\" href=\"https:\/\/www.km0.info\/wp-inside\/uploads\/2020\/09\/salle-equipee-reunion-seminaire-haut-rhin-185x185.jpg\" title=\"\" rel=\"galleryzone-flzn-galleryblock-1\"><\/p>\n<div class=\"imgbox\">\n\t\t\t\t\t\t\t\t\t\t\t\t\t\t\t\t\t\t<img decoding=\"async\" src=\"https:\/\/www.km0.info\/wp-inside\/uploads\/2020\/09\/salle-equipee-reunion-seminaire-haut-rhin-185x185.jpg\" alt=\"Equipped room, seminar meeting - Haut Rhin\" data-interchange=\"[https:\/\/www.km0.info\/wp-inside\/uploads\/2020\/09\/salle-equipee-reunion-seminaire-haut-rhin-185x185.jpg, small],[https:\/\/www.km0.info\/wp-inside\/uploads\/2020\/09\/salle-equipee-reunion-seminaire-haut-rhin-370x300.jpg, gsmall],[https:\/\/www.km0.info\/wp-inside\/uploads\/2020\/09\/salle-equipee-reunion-seminaire-haut-rhin-185x185.jpg, large],[https:\/\/www.km0.info\/wp-inside\/uploads\/2020\/09\/salle-equipee-reunion-seminaire-haut-rhin-370x300.jpg, glarge],\">\n\t\t\t\t\t\t\t\t<\/div>\n<p>\t\t\t\t\t\t\t<\/a>\n\t\t\t\t\t\t<\/div>\n<\/p><\/div>\n<div class=\"zn-galleryblock-item gallery-item column\">\n<div class=\"zn-galleryblock-item-inner\" data-aos=\"fade-up\" data-aos-once=\"true\" data-aos-anchor=\"#flzn-galleryblock-1\" data-aos-anchor-placement=\"top-bottom\" data-aos-delay=\"750\">\n\t\t\t\t\t\t\t<a class=\"swipebox\" href=\"https:\/\/www.km0.info\/wp-inside\/uploads\/2020\/01\/evenement-km0-48h-tourisme-185x185.jpg\" title=\"\" rel=\"galleryzone-flzn-galleryblock-1\"><\/p>\n<div class=\"imgbox\">\n\t\t\t\t\t\t\t\t\t\t\t\t\t\t\t\t\t\t<img decoding=\"async\" src=\"https:\/\/www.km0.info\/wp-inside\/uploads\/2020\/01\/evenement-km0-48h-tourisme-185x185.jpg\" alt=\"event km0 48h tourism\" data-interchange=\"[https:\/\/www.km0.info\/wp-inside\/uploads\/2020\/01\/evenement-km0-48h-tourisme-185x185.jpg, small],[https:\/\/www.km0.info\/wp-inside\/uploads\/2020\/01\/evenement-km0-48h-tourisme-370x300.jpg, gsmall],[https:\/\/www.km0.info\/wp-inside\/uploads\/2020\/01\/evenement-km0-48h-tourisme-185x185.jpg, large],[https:\/\/www.km0.info\/wp-inside\/uploads\/2020\/01\/evenement-km0-48h-tourisme-370x300.jpg, glarge],\">\n\t\t\t\t\t\t\t\t<\/div>\n<p>\t\t\t\t\t\t\t<\/a>\n\t\t\t\t\t\t<\/div>\n<\/p><\/div>\n<div class=\"zn-galleryblock-item gallery-item column\">\n<div class=\"zn-galleryblock-item-inner\" data-aos=\"fade-up\" data-aos-once=\"true\" data-aos-anchor=\"#flzn-galleryblock-1\" data-aos-anchor-placement=\"top-bottom\" data-aos-delay=\"900\">\n\t\t\t\t\t\t\t<a class=\"swipebox\" href=\"https:\/\/www.km0.info\/wp-inside\/uploads\/2020\/09\/louer-salle-conference-mulhouse-185x185.jpg\" title=\"\" rel=\"galleryzone-flzn-galleryblock-1\"><\/p>\n<div class=\"imgbox\">\n\t\t\t\t\t\t\t\t\t\t\t\t\t\t\t\t\t\t<img decoding=\"async\" src=\"https:\/\/www.km0.info\/wp-inside\/uploads\/2020\/09\/louer-salle-conference-mulhouse-185x185.jpg\" alt=\"Rent a conference room, Mulhouse\" data-interchange=\"[https:\/\/www.km0.info\/wp-inside\/uploads\/2020\/09\/louer-salle-conference-mulhouse-185x185.jpg, small],[https:\/\/www.km0.info\/wp-inside\/uploads\/2020\/09\/louer-salle-conference-mulhouse-370x300.jpg, gsmall],[https:\/\/www.km0.info\/wp-inside\/uploads\/2020\/09\/louer-salle-conference-mulhouse-185x185.jpg, large],[https:\/\/www.km0.info\/wp-inside\/uploads\/2020\/09\/louer-salle-conference-mulhouse-370x300.jpg, glarge],\">\n\t\t\t\t\t\t\t\t<\/div>\n<p>\t\t\t\t\t\t\t<\/a>\n\t\t\t\t\t\t<\/div>\n<\/p><\/div>\n<div class=\"zn-galleryblock-item gallery-item column\">\n<div class=\"zn-galleryblock-item-inner\" data-aos=\"fade-up\" data-aos-once=\"true\" data-aos-anchor=\"#flzn-galleryblock-1\" data-aos-anchor-placement=\"top-bottom\" data-aos-delay=\"1050\">\n\t\t\t\t\t\t\t<a class=\"swipebox\" href=\"https:\/\/www.km0.info\/wp-inside\/uploads\/2020\/01\/intrapreneurship-school-185x185.jpg\" title=\"First Team Academy event at KM\u00d8 in December 2019\" rel=\"galleryzone-flzn-galleryblock-1\"><\/p>\n<div class=\"imgbox\">\n\t\t\t\t\t\t\t\t\t\t\t\t\t\t\t\t\t\t<img decoding=\"async\" src=\"https:\/\/www.km0.info\/wp-inside\/uploads\/2020\/01\/intrapreneurship-school-185x185.jpg\" alt=\"team academy mulhouse intrapreneurship school\" data-interchange=\"[https:\/\/www.km0.info\/wp-inside\/uploads\/2020\/01\/intrapreneurship-school-185x185.jpg, small],[https:\/\/www.km0.info\/wp-inside\/uploads\/2020\/01\/intrapreneurship-school-370x300.jpg, gsmall],[https:\/\/www.km0.info\/wp-inside\/uploads\/2020\/01\/intrapreneurship-school-185x185.jpg, large],[https:\/\/www.km0.info\/wp-inside\/uploads\/2020\/01\/intrapreneurship-school-370x300.jpg, glarge],\">\n\t\t\t\t\t\t\t\t<\/div>\n<p>\t\t\t\t\t\t\t<\/a>\n\t\t\t\t\t\t<\/div>\n<\/p><\/div>\n<div class=\"zn-galleryblock-item gallery-item column\">\n<div class=\"zn-galleryblock-item-inner\" data-aos=\"fade-up\" data-aos-once=\"true\" data-aos-anchor=\"#flzn-galleryblock-1\" data-aos-anchor-placement=\"top-bottom\" data-aos-delay=\"1200\">\n\t\t\t\t\t\t\t<a class=\"swipebox\" href=\"https:\/\/www.km0.info\/wp-inside\/uploads\/2020\/09\/2019-12-13-10.42.25-185x185.jpg\" title=\"\" rel=\"galleryzone-flzn-galleryblock-1\"><\/p>\n<div class=\"imgbox\">\n\t\t\t\t\t\t\t\t\t\t\t\t\t\t\t\t\t\t<img decoding=\"async\" src=\"https:\/\/www.km0.info\/wp-inside\/uploads\/2020\/09\/2019-12-13-10.42.25-185x185.jpg\" alt=\"hall\" data-interchange=\"[https:\/\/www.km0.info\/wp-inside\/uploads\/2020\/09\/2019-12-13-10.42.25-185x185.jpg, small],[https:\/\/www.km0.info\/wp-inside\/uploads\/2020\/09\/2019-12-13-10.42.25-370x300.jpg, gsmall],[https:\/\/www.km0.info\/wp-inside\/uploads\/2020\/09\/2019-12-13-10.42.25-185x185.jpg, large],[https:\/\/www.km0.info\/wp-inside\/uploads\/2020\/09\/2019-12-13-10.42.25-370x300.jpg, glarge],\">\n\t\t\t\t\t\t\t\t<\/div>\n<p>\t\t\t\t\t\t\t<\/a>\n\t\t\t\t\t\t<\/div>\n<\/p><\/div>\n<div class=\"zn-galleryblock-item gallery-item column\">\n<div class=\"zn-galleryblock-item-inner\" data-aos=\"fade-up\" data-aos-once=\"true\" data-aos-anchor=\"#flzn-galleryblock-1\" data-aos-anchor-placement=\"top-bottom\" data-aos-delay=\"1350\">\n\t\t\t\t\t\t\t<a class=\"swipebox\" href=\"https:\/\/www.km0.info\/wp-inside\/uploads\/2020\/10\/salle-reunion-mulhouse-alsace-185x185.jpg\" title=\"\" rel=\"galleryzone-flzn-galleryblock-1\"><\/p>\n<div class=\"imgbox\">\n\t\t\t\t\t\t\t\t\t\t\t\t\t\t\t\t\t\t<img decoding=\"async\" src=\"https:\/\/www.km0.info\/wp-inside\/uploads\/2020\/10\/salle-reunion-mulhouse-alsace-185x185.jpg\" alt=\"\" data-interchange=\"[https:\/\/www.km0.info\/wp-inside\/uploads\/2020\/10\/salle-reunion-mulhouse-alsace-185x185.jpg, small],[https:\/\/www.km0.info\/wp-inside\/uploads\/2020\/10\/salle-reunion-mulhouse-alsace-370x300.jpg, gsmall],[https:\/\/www.km0.info\/wp-inside\/uploads\/2020\/10\/salle-reunion-mulhouse-alsace-185x185.jpg, large],[https:\/\/www.km0.info\/wp-inside\/uploads\/2020\/10\/salle-reunion-mulhouse-alsace-370x300.jpg, glarge],\">\n\t\t\t\t\t\t\t\t<\/div>\n<p>\t\t\t\t\t\t\t<\/a>\n\t\t\t\t\t\t<\/div>\n<\/p><\/div>\n<div class=\"zn-galleryblock-item gallery-item column\">\n<div class=\"zn-galleryblock-item-inner\" data-aos=\"fade-up\" data-aos-once=\"true\" data-aos-anchor=\"#flzn-galleryblock-1\" data-aos-anchor-placement=\"top-bottom\" data-aos-delay=\"1500\">\n\t\t\t\t\t\t\t<a class=\"swipebox\" href=\"https:\/\/www.km0.info\/wp-inside\/uploads\/2020\/10\/louer-salle-mulhouse-inter-colloque-luc-boegly-185x185.jpg\" title=\"\" rel=\"galleryzone-flzn-galleryblock-1\"><\/p>\n<div class=\"imgbox\">\n\t\t\t\t\t\t\t\t\t\t\t\t\t\t\t\t\t\t<img decoding=\"async\" src=\"https:\/\/www.km0.info\/wp-inside\/uploads\/2020\/10\/louer-salle-mulhouse-inter-colloque-luc-boegly-185x185.jpg\" alt=\"rental room\" data-interchange=\"[https:\/\/www.km0.info\/wp-inside\/uploads\/2020\/10\/louer-salle-mulhouse-inter-colloque-luc-boegly-185x185.jpg, small],[https:\/\/www.km0.info\/wp-inside\/uploads\/2020\/10\/louer-salle-mulhouse-inter-colloque-luc-boegly-370x300.jpg, gsmall],[https:\/\/www.km0.info\/wp-inside\/uploads\/2020\/10\/louer-salle-mulhouse-inter-colloque-luc-boegly-185x185.jpg, large],[https:\/\/www.km0.info\/wp-inside\/uploads\/2020\/10\/louer-salle-mulhouse-inter-colloque-luc-boegly-370x300.jpg, glarge],\">\n\t\t\t\t\t\t\t\t<\/div>\n<p>\t\t\t\t\t\t\t<\/a>\n\t\t\t\t\t\t<\/div>\n<\/p><\/div>\n<div class=\"zn-galleryblock-item gallery-item column\">\n<div class=\"zn-galleryblock-item-inner\" data-aos=\"fade-up\" data-aos-once=\"true\" data-aos-anchor=\"#flzn-galleryblock-1\" data-aos-anchor-placement=\"top-bottom\" data-aos-delay=\"1650\">\n\t\t\t\t\t\t\t<a class=\"swipebox\" href=\"https:\/\/www.km0.info\/wp-inside\/uploads\/2019\/11\/salle-mulhouse-185x185.jpg\" title=\"\" rel=\"galleryzone-flzn-galleryblock-1\"><\/p>\n<div class=\"imgbox\">\n\t\t\t\t\t\t\t\t\t\t\t\t\t\t\t\t\t\t<img decoding=\"async\" src=\"https:\/\/www.km0.info\/wp-inside\/uploads\/2019\/11\/salle-mulhouse-185x185.jpg\" alt=\"event space mulhouse\" data-interchange=\"[https:\/\/www.km0.info\/wp-inside\/uploads\/2019\/11\/salle-mulhouse-185x185.jpg, small],[https:\/\/www.km0.info\/wp-inside\/uploads\/2019\/11\/salle-mulhouse-370x300.jpg, gsmall],[https:\/\/www.km0.info\/wp-inside\/uploads\/2019\/11\/salle-mulhouse-185x185.jpg, large],[https:\/\/www.km0.info\/wp-inside\/uploads\/2019\/11\/salle-mulhouse-370x300.jpg, glarge],\">\n\t\t\t\t\t\t\t\t<\/div>\n<p>\t\t\t\t\t\t\t<\/a>\n\t\t\t\t\t\t<\/div>\n<\/p><\/div>\n<div class=\"zn-galleryblock-item gallery-item column\">\n<div class=\"zn-galleryblock-item-inner\" data-aos=\"fade-up\" data-aos-once=\"true\" data-aos-anchor=\"#flzn-galleryblock-1\" data-aos-anchor-placement=\"top-bottom\" data-aos-delay=\"1800\">\n\t\t\t\t\t\t\t<a class=\"swipebox\" href=\"https:\/\/www.km0.info\/wp-inside\/uploads\/2019\/11\/location-salle-evenement-mulhouse-185x185.jpg\" title=\"\" rel=\"galleryzone-flzn-galleryblock-1\"><\/p>\n<div class=\"imgbox\">\n\t\t\t\t\t\t\t\t\t\t\t\t\t\t\t\t\t\t<img decoding=\"async\" src=\"https:\/\/www.km0.info\/wp-inside\/uploads\/2019\/11\/location-salle-evenement-mulhouse-185x185.jpg\" alt=\"grand espace event mulhouse\" data-interchange=\"[https:\/\/www.km0.info\/wp-inside\/uploads\/2019\/11\/location-salle-evenement-mulhouse-185x185.jpg, small],[https:\/\/www.km0.info\/wp-inside\/uploads\/2019\/11\/location-salle-evenement-mulhouse-370x300.jpg, gsmall],[https:\/\/www.km0.info\/wp-inside\/uploads\/2019\/11\/location-salle-evenement-mulhouse-185x185.jpg, large],[https:\/\/www.km0.info\/wp-inside\/uploads\/2019\/11\/location-salle-evenement-mulhouse-370x300.jpg, glarge],\">\n\t\t\t\t\t\t\t\t<\/div>\n<p>\t\t\t\t\t\t\t<\/a>\n\t\t\t\t\t\t<\/div>\n<\/p><\/div>\n<div class=\"zn-galleryblock-item gallery-item column\">\n<div class=\"zn-galleryblock-item-inner\" data-aos=\"fade-up\" data-aos-once=\"true\" data-aos-anchor=\"#flzn-galleryblock-1\" data-aos-anchor-placement=\"top-bottom\" data-aos-delay=\"1950\">\n\t\t\t\t\t\t\t<a class=\"swipebox\" href=\"https:\/\/www.km0.info\/wp-inside\/uploads\/2019\/11\/salle-colloque-mulhouse-km0-185x185.jpg\" title=\"\" rel=\"galleryzone-flzn-galleryblock-1\"><\/p>\n<div class=\"imgbox\">\n\t\t\t\t\t\t\t\t\t\t\t\t\t\t\t\t\t\t<img decoding=\"async\" src=\"https:\/\/www.km0.info\/wp-inside\/uploads\/2019\/11\/salle-colloque-mulhouse-km0-185x185.jpg\" alt=\"room for rent conference mulhouse\" data-interchange=\"[https:\/\/www.km0.info\/wp-inside\/uploads\/2019\/11\/salle-colloque-mulhouse-km0-185x185.jpg, small],[https:\/\/www.km0.info\/wp-inside\/uploads\/2019\/11\/salle-colloque-mulhouse-km0-370x300.jpg, gsmall],[https:\/\/www.km0.info\/wp-inside\/uploads\/2019\/11\/salle-colloque-mulhouse-km0-185x185.jpg, large],[https:\/\/www.km0.info\/wp-inside\/uploads\/2019\/11\/salle-colloque-mulhouse-km0-370x300.jpg, glarge],\">\n\t\t\t\t\t\t\t\t<\/div>\n<p>\t\t\t\t\t\t\t<\/a>\n\t\t\t\t\t\t<\/div>\n<\/p><\/div>\n<\/p><\/div>\n<\/p><\/div>\n<\/p><\/div>\n<\/div>\n<\/div>\n<p><!-- \/flzn:zn_galleryblock --><\/p>\n","protected":false},"excerpt":{"rendered":"<p>Where to organize your event in Alsace&nbsp;? KM\u00d8 has about 800m2 to rent for any type of professional event&nbsp;: congress, seminar, meeting, product launch, award ceremony&#8230; 5 rooms for all [&hellip;]<\/p>\n","protected":false},"author":3,"featured_media":0,"parent":8845,"menu_order":0,"comment_status":"closed","ping_status":"closed","template":"","meta":{"_acf_changed":false,"footnotes":""},"class_list":["post-8865","page","type-page","status-publish","hentry","wp-sticky"],"acf":[],"yoast_head":"<!-- This site is optimized with the Yoast SEO plugin v27.5 - https:\/\/yoast.com\/product\/yoast-seo-wordpress\/ -->\n<title>Room rental in Alsace<\/title>\n<meta name=\"robots\" content=\"index, follow, max-snippet:-1, max-image-preview:large, max-video-preview:-1\" \/>\n<link rel=\"canonical\" href=\"https:\/\/www.km0.info\/en\/room-rental\/room-rental-in-alsace\/\" \/>\n<meta property=\"og:locale\" content=\"en_US\" \/>\n<meta property=\"og:type\" content=\"article\" \/>\n<meta property=\"og:title\" content=\"Room rental in Alsace\" \/>\n<meta property=\"og:description\" content=\"Where to organize your event in Alsace&nbsp;? KM\u00d8 has about 800m2 to rent for any type of professional event&nbsp;: congress, seminar, meeting, product launch, award ceremony&#8230; 5 rooms for all [&hellip;]\" \/>\n<meta property=\"og:url\" content=\"https:\/\/www.km0.info\/en\/room-rental\/room-rental-in-alsace\/\" \/>\n<meta property=\"og:site_name\" content=\"KM\u00d8\" \/>\n<meta property=\"og:image\" content=\"https:\/\/www.km0.info\/wp-inside\/uploads\/2020\/09\/279833797_1453297211756486_4606759528244458694_n-1024x768.jpg\" \/>\n<meta name=\"twitter:card\" content=\"summary_large_image\" \/>\n<meta name=\"twitter:label1\" content=\"Est. reading time\" \/>\n\t<meta name=\"twitter:data1\" content=\"2 minutes\" \/>\n<script type=\"application\/ld+json\" class=\"yoast-schema-graph\">{\"@context\":\"https:\\\/\\\/schema.org\",\"@graph\":[{\"@type\":\"WebPage\",\"@id\":\"https:\\\/\\\/www.km0.info\\\/en\\\/room-rental\\\/room-rental-in-alsace\\\/\",\"url\":\"https:\\\/\\\/www.km0.info\\\/en\\\/room-rental\\\/room-rental-in-alsace\\\/\",\"name\":\"Room rental in Alsace\",\"isPartOf\":{\"@id\":\"https:\\\/\\\/www.km0.info\\\/en\\\/#website\"},\"primaryImageOfPage\":{\"@id\":\"https:\\\/\\\/www.km0.info\\\/en\\\/room-rental\\\/room-rental-in-alsace\\\/#primaryimage\"},\"image\":{\"@id\":\"https:\\\/\\\/www.km0.info\\\/en\\\/room-rental\\\/room-rental-in-alsace\\\/#primaryimage\"},\"thumbnailUrl\":\"https:\\\/\\\/www.km0.info\\\/wp-inside\\\/uploads\\\/2020\\\/09\\\/279833797_1453297211756486_4606759528244458694_n-1024x768.jpg\",\"datePublished\":\"2022-12-13T08:32:37+00:00\",\"breadcrumb\":{\"@id\":\"https:\\\/\\\/www.km0.info\\\/en\\\/room-rental\\\/room-rental-in-alsace\\\/#breadcrumb\"},\"inLanguage\":\"en-US\",\"potentialAction\":[{\"@type\":\"ReadAction\",\"target\":[\"https:\\\/\\\/www.km0.info\\\/en\\\/room-rental\\\/room-rental-in-alsace\\\/\"]}]},{\"@type\":\"ImageObject\",\"inLanguage\":\"en-US\",\"@id\":\"https:\\\/\\\/www.km0.info\\\/en\\\/room-rental\\\/room-rental-in-alsace\\\/#primaryimage\",\"url\":\"https:\\\/\\\/www.km0.info\\\/wp-inside\\\/uploads\\\/2020\\\/09\\\/279833797_1453297211756486_4606759528244458694_n-1024x768.jpg\",\"contentUrl\":\"https:\\\/\\\/www.km0.info\\\/wp-inside\\\/uploads\\\/2020\\\/09\\\/279833797_1453297211756486_4606759528244458694_n-1024x768.jpg\"},{\"@type\":\"BreadcrumbList\",\"@id\":\"https:\\\/\\\/www.km0.info\\\/en\\\/room-rental\\\/room-rental-in-alsace\\\/#breadcrumb\",\"itemListElement\":[{\"@type\":\"ListItem\",\"position\":1,\"name\":\"Accueil\",\"item\":\"https:\\\/\\\/www.km0.info\\\/en\\\/\"},{\"@type\":\"ListItem\",\"position\":2,\"name\":\"Room rental\",\"item\":\"https:\\\/\\\/www.km0.info\\\/en\\\/room-rental\\\/\"},{\"@type\":\"ListItem\",\"position\":3,\"name\":\"Room rental in Alsace\"}]},{\"@type\":\"WebSite\",\"@id\":\"https:\\\/\\\/www.km0.info\\\/en\\\/#website\",\"url\":\"https:\\\/\\\/www.km0.info\\\/en\\\/\",\"name\":\"KM\u00d8\",\"description\":\"Lieu d&#039;innovation d\u00e9di\u00e9 \u00e0 la transformation digitale de l&#039;industrie\",\"publisher\":{\"@id\":\"https:\\\/\\\/www.km0.info\\\/en\\\/#organization\"},\"potentialAction\":[{\"@type\":\"SearchAction\",\"target\":{\"@type\":\"EntryPoint\",\"urlTemplate\":\"https:\\\/\\\/www.km0.info\\\/en\\\/?s={search_term_string}\"},\"query-input\":{\"@type\":\"PropertyValueSpecification\",\"valueRequired\":true,\"valueName\":\"search_term_string\"}}],\"inLanguage\":\"en-US\"},{\"@type\":\"Organization\",\"@id\":\"https:\\\/\\\/www.km0.info\\\/en\\\/#organization\",\"name\":\"KM\u00d8\",\"url\":\"https:\\\/\\\/www.km0.info\\\/en\\\/\",\"logo\":{\"@type\":\"ImageObject\",\"inLanguage\":\"en-US\",\"@id\":\"https:\\\/\\\/www.km0.info\\\/en\\\/#\\\/schema\\\/logo\\\/image\\\/\",\"url\":\"https:\\\/\\\/www.km0.info\\\/wp-inside\\\/uploads\\\/2020\\\/10\\\/logo-km0-quadri-200x155-1.png\",\"contentUrl\":\"https:\\\/\\\/www.km0.info\\\/wp-inside\\\/uploads\\\/2020\\\/10\\\/logo-km0-quadri-200x155-1.png\",\"width\":200,\"height\":155,\"caption\":\"KM\u00d8\"},\"image\":{\"@id\":\"https:\\\/\\\/www.km0.info\\\/en\\\/#\\\/schema\\\/logo\\\/image\\\/\"}}]}<\/script>\n<!-- \/ Yoast SEO plugin. -->","yoast_head_json":{"title":"Room rental in Alsace","robots":{"index":"index","follow":"follow","max-snippet":"max-snippet:-1","max-image-preview":"max-image-preview:large","max-video-preview":"max-video-preview:-1"},"canonical":"https:\/\/www.km0.info\/en\/room-rental\/room-rental-in-alsace\/","og_locale":"en_US","og_type":"article","og_title":"Room rental in Alsace","og_description":"Where to organize your event in Alsace&nbsp;? KM\u00d8 has about 800m2 to rent for any type of professional event&nbsp;: congress, seminar, meeting, product launch, award ceremony&#8230; 5 rooms for all [&hellip;]","og_url":"https:\/\/www.km0.info\/en\/room-rental\/room-rental-in-alsace\/","og_site_name":"KM\u00d8","og_image":[{"url":"https:\/\/www.km0.info\/wp-inside\/uploads\/2020\/09\/279833797_1453297211756486_4606759528244458694_n-1024x768.jpg","type":"","width":"","height":""}],"twitter_card":"summary_large_image","twitter_misc":{"Est. reading time":"2 minutes"},"schema":{"@context":"https:\/\/schema.org","@graph":[{"@type":"WebPage","@id":"https:\/\/www.km0.info\/en\/room-rental\/room-rental-in-alsace\/","url":"https:\/\/www.km0.info\/en\/room-rental\/room-rental-in-alsace\/","name":"Room rental in Alsace","isPartOf":{"@id":"https:\/\/www.km0.info\/en\/#website"},"primaryImageOfPage":{"@id":"https:\/\/www.km0.info\/en\/room-rental\/room-rental-in-alsace\/#primaryimage"},"image":{"@id":"https:\/\/www.km0.info\/en\/room-rental\/room-rental-in-alsace\/#primaryimage"},"thumbnailUrl":"https:\/\/www.km0.info\/wp-inside\/uploads\/2020\/09\/279833797_1453297211756486_4606759528244458694_n-1024x768.jpg","datePublished":"2022-12-13T08:32:37+00:00","breadcrumb":{"@id":"https:\/\/www.km0.info\/en\/room-rental\/room-rental-in-alsace\/#breadcrumb"},"inLanguage":"en-US","potentialAction":[{"@type":"ReadAction","target":["https:\/\/www.km0.info\/en\/room-rental\/room-rental-in-alsace\/"]}]},{"@type":"ImageObject","inLanguage":"en-US","@id":"https:\/\/www.km0.info\/en\/room-rental\/room-rental-in-alsace\/#primaryimage","url":"https:\/\/www.km0.info\/wp-inside\/uploads\/2020\/09\/279833797_1453297211756486_4606759528244458694_n-1024x768.jpg","contentUrl":"https:\/\/www.km0.info\/wp-inside\/uploads\/2020\/09\/279833797_1453297211756486_4606759528244458694_n-1024x768.jpg"},{"@type":"BreadcrumbList","@id":"https:\/\/www.km0.info\/en\/room-rental\/room-rental-in-alsace\/#breadcrumb","itemListElement":[{"@type":"ListItem","position":1,"name":"Accueil","item":"https:\/\/www.km0.info\/en\/"},{"@type":"ListItem","position":2,"name":"Room rental","item":"https:\/\/www.km0.info\/en\/room-rental\/"},{"@type":"ListItem","position":3,"name":"Room rental in Alsace"}]},{"@type":"WebSite","@id":"https:\/\/www.km0.info\/en\/#website","url":"https:\/\/www.km0.info\/en\/","name":"KM\u00d8","description":"Lieu d&#039;innovation d\u00e9di\u00e9 \u00e0 la transformation digitale de l&#039;industrie","publisher":{"@id":"https:\/\/www.km0.info\/en\/#organization"},"potentialAction":[{"@type":"SearchAction","target":{"@type":"EntryPoint","urlTemplate":"https:\/\/www.km0.info\/en\/?s={search_term_string}"},"query-input":{"@type":"PropertyValueSpecification","valueRequired":true,"valueName":"search_term_string"}}],"inLanguage":"en-US"},{"@type":"Organization","@id":"https:\/\/www.km0.info\/en\/#organization","name":"KM\u00d8","url":"https:\/\/www.km0.info\/en\/","logo":{"@type":"ImageObject","inLanguage":"en-US","@id":"https:\/\/www.km0.info\/en\/#\/schema\/logo\/image\/","url":"https:\/\/www.km0.info\/wp-inside\/uploads\/2020\/10\/logo-km0-quadri-200x155-1.png","contentUrl":"https:\/\/www.km0.info\/wp-inside\/uploads\/2020\/10\/logo-km0-quadri-200x155-1.png","width":200,"height":155,"caption":"KM\u00d8"},"image":{"@id":"https:\/\/www.km0.info\/en\/#\/schema\/logo\/image\/"}}]}},"_links":{"self":[{"href":"https:\/\/www.km0.info\/en\/wp-json\/wp\/v2\/pages\/8865","targetHints":{"allow":["GET"]}}],"collection":[{"href":"https:\/\/www.km0.info\/en\/wp-json\/wp\/v2\/pages"}],"about":[{"href":"https:\/\/www.km0.info\/en\/wp-json\/wp\/v2\/types\/page"}],"author":[{"embeddable":true,"href":"https:\/\/www.km0.info\/en\/wp-json\/wp\/v2\/users\/3"}],"replies":[{"embeddable":true,"href":"https:\/\/www.km0.info\/en\/wp-json\/wp\/v2\/comments?post=8865"}],"version-history":[{"count":0,"href":"https:\/\/www.km0.info\/en\/wp-json\/wp\/v2\/pages\/8865\/revisions"}],"up":[{"embeddable":true,"href":"https:\/\/www.km0.info\/en\/wp-json\/wp\/v2\/pages\/8845"}],"wp:attachment":[{"href":"https:\/\/www.km0.info\/en\/wp-json\/wp\/v2\/media?parent=8865"}],"curies":[{"name":"wp","href":"https:\/\/api.w.org\/{rel}","templated":true}]}}