{"id":8846,"date":"2022-12-13T09:32:12","date_gmt":"2022-12-13T08:32:12","guid":{"rendered":"https:\/\/www.km0.info\/vermietung-von-raumen\/raumvermietung-in-mulhouse\/"},"modified":"2022-12-13T09:32:12","modified_gmt":"2022-12-13T08:32:12","slug":"raumvermietung-in-mulhouse","status":"publish","type":"page","link":"https:\/\/www.km0.info\/de\/vermietung-von-raumen\/raumvermietung-in-mulhouse\/","title":{"rendered":"Raumvermietung in Mulhouse"},"content":{"rendered":"<p>Eine gro\u00dfe Veranstaltungshalle, 2 Kolloquiumss\u00e4le, 1 Auditorium&nbsp;: Organisieren Sie Ihre <strong>professionellen Veranstaltungen in Mulhouse<\/strong> (Elsass, Grand Est). Das KM\u00d8 ist mit dem Zug, der Stra\u00dfenbahn, dem Auto oder dem Fahrrad erreichbar und ist ein atypischer Ort im Haut-Rhin, der sch\u00f6ne Angebote f\u00fcr Ihre Seminare, Versammlungen oder jede Art von Treffen bietet.<\/p>\n<p><!-- flzn:zn_imgtextblock --><\/p>\n<div id=\"flzn-imgtextblock-1\" class=\"zn zone zn-imgtextblock\">\n<div class=\"zone-block zn-imgtextblock-block pdd-top-off alignwide va-center\">\n<div class=\"row mw-content-zone\">\n<div class=\"columns large-12\">\n<div class=\"row with-nice-alignment zn-imgtextblock-row img-right va-center\" data-equalizer=\"\" data-equalize-on=\"large\">\n<div class=\"columns large-6 large-push-6 zn-imgtextblock-colimg\" data-equalizer-watch=\"\">\n<div class=\"columns-inner zn-imgtextblock-col-inner\">\n<p>\t\t\t\t\t\t<span class=\"deco1\"><\/span><br \/>\n\t\t\t\t\t\t<span class=\"deco2\"><\/span><br \/>\n\t\t\t\t\t\t<span class=\"deco3\"><\/span><\/p>\n<div class=\"zn-imgtextblock-imgbox\" title=\"\">\n<figure class=\"zn-imgtextblock-figure\">\n\t\t\t\t\t\t\t<img decoding=\"async\" class=\"zn-imgtextblock-img\" src=\"https:\/\/www.km0.info\/wp-inside\/uploads\/2020\/10\/louer-salle-congres-mulhouse-1024x682.jpg\" alt=\"Raumvermietung\"><br \/>\n\t\t\t\t\t\t\t\t\t\t\t\t\t<\/figure>\n<\/p><\/div>\n<\/p><\/div>\n<\/p><\/div>\n<div class=\"columns large-6 large-pull-6 zn-imgtextblock-coldesc\" data-equalizer-watch=\"\">\n<div class=\"columns-inner zn-imgtextblock-descbox\">\n<div class=\"zn-imgtextblock-desc wig-content\">\n<h2>Ein Raum f\u00fcr alle Ihre Veranstaltungen in Mulhouse<\/h2>\n<p>Organisieren Sie ein Seminar, eine Schulung, eine Konferenz, eine Versammlung oder eine Einweihung f\u00fcr Ihr Unternehmen oder Ihren Verein aus M\u00fclheim&nbsp;? Wir k\u00f6nnen <strong>bis zu 655 Personen<\/strong> in unseren 5 R\u00e4umen unterbringen, die einzeln oder zusammen gemietet werden k\u00f6nnen.<\/p>\n<p>KM\u00d8 ist ein <strong>origineller, sehr gut durchdachter Ort f\u00fcr Veranstaltungen<\/strong>, ausgestattet und mit allen n\u00fctzlichen Dienstleistungen in der N\u00e4he&nbsp;: Catering, Unterhaltung etc. Das gesamte Team begleitet Sie bei der Organisation Ihrer Veranstaltung in Mulhouse.<\/p>\n<p>Versammeln Sie Ihre Mitarbeiter aus Mulhouse oder dem Haut-Rhin in einem <strong>modernen, ger\u00e4umigen und hellen Saal<\/strong>. Sie werden von dem Ort, seinem Konzept und seiner Seele begeistert sein. Genie\u00dfen Sie allen Komfort, den Sie sich w\u00fcnschen k\u00f6nnen, sei es f\u00fcr ein offizielles Treffen oder eine festliche\/entspannte Veranstaltung als Dankesch\u00f6n f\u00fcr Ihre Mitarbeiter und Partner.<\/p>\n<\/div><\/div>\n<\/p><\/div>\n<\/p><\/div>\n<\/p><\/div>\n<\/p><\/div>\n<\/div>\n<\/div>\n<p><!-- \/flzn:zn_imgtextblock --><br \/>\n<!-- flzn:zn_imgtextblock --><\/p>\n<div id=\"flzn-imgtextblock-2\" class=\"zn zone zn-imgtextblock\">\n<div class=\"zone-block zn-imgtextblock-block pdd-top-off alignwide va-center\">\n<div class=\"row mw-content-zone\">\n<div class=\"columns large-12\">\n<div class=\"row with-nice-alignment zn-imgtextblock-row img-left va-center\" data-equalizer=\"\" data-equalize-on=\"large\">\n<div class=\"columns large-6 zn-imgtextblock-colimg\" data-equalizer-watch=\"\">\n<div class=\"columns-inner zn-imgtextblock-col-inner\">\n<p>\t\t\t\t\t\t<span class=\"deco1\"><\/span><br \/>\n\t\t\t\t\t\t<span class=\"deco2\"><\/span><br \/>\n\t\t\t\t\t\t<span class=\"deco3\"><\/span><\/p>\n<div class=\"zn-imgtextblock-imgbox\" title=\"\">\n<figure class=\"zn-imgtextblock-figure\">\n\t\t\t\t\t\t\t<img decoding=\"async\" class=\"zn-imgtextblock-img\" src=\"https:\/\/www.km0.info\/wp-inside\/uploads\/2022\/07\/291495433_771866500654916_6377560809888986745_n-1024x768.jpg\" alt=\"\"><br \/>\n\t\t\t\t\t\t\t\t\t\t\t\t\t<\/figure>\n<\/p><\/div>\n<\/p><\/div>\n<\/p><\/div>\n<div class=\"columns large-6 zn-imgtextblock-coldesc\" data-equalizer-watch=\"\">\n<div class=\"columns-inner zn-imgtextblock-descbox\">\n<div class=\"zn-imgtextblock-desc wig-content\">\n<h2>KM\u00d8 Mulhouse, seit 2019&nbsp;: einzigartiger Ort im Grand Est<\/h2>\n<p>Entdecken Sie einen <strong>historischen Ort, der vollst\u00e4ndig rehabilitiert<\/strong> wurde. Der erste Bahnhof, der Mulhouse mit Thann verband, dann die SACM, ist heute ein Zentrum f\u00fcr Digitales und Industrie geworden. Sie vereint Industrie, digitale Unternehmen und innovative Ausbildungsm\u00f6glichkeiten. Mehr als 800 Menschen besuchen KM\u00d8 t\u00e4glich.<\/p>\n<p>Die <strong>zu mietenden R\u00e4ume<\/strong> befinden sich im Erdgeschoss, zwischen dem Unternehmensgeb\u00e4ude und den Startup-Boxen (unter den Sheds)&nbsp;: Nutzen Sie ger\u00e4umige R\u00e4ume, mitten im Geschehen&nbsp;!<\/p>\n<p>Das <strong>Restaurant Le Pantographe<\/strong>, das f\u00fcr seine schmackhafte K\u00fcche bekannt ist, bietet Ihnen eine raffinierte Catering-Karte und kann Sie w\u00e4hrend Ihrer gesamten Veranstaltung begleiten. Er wurde kurz nach der Er\u00f6ffnung des KM\u00d8 in Mulhouse angesiedelt und hat mit seinen saisonalen Gerichten ein breites Publikum erobert.<\/p>\n<\/div><\/div>\n<\/p><\/div>\n<\/p><\/div>\n<\/p><\/div>\n<\/p><\/div>\n<\/div>\n<\/div>\n<p><!-- \/flzn:zn_imgtextblock --><br \/>\n<!-- flzn:zn_imgtextblock --><\/p>\n<div id=\"flzn-imgtextblock-3\" class=\"zn zone zn-imgtextblock\">\n<div class=\"zone-block zn-imgtextblock-block pdd-top-off alignwide va-center\">\n<div class=\"row mw-content-zone\">\n<div class=\"columns large-12\">\n<div class=\"row with-nice-alignment zn-imgtextblock-row img-right va-center\" data-equalizer=\"\" data-equalize-on=\"large\">\n<div class=\"columns large-6 large-push-6 zn-imgtextblock-colimg\" data-equalizer-watch=\"\">\n<div class=\"columns-inner zn-imgtextblock-col-inner\">\n<p>\t\t\t\t\t\t<span class=\"deco1\"><\/span><br \/>\n\t\t\t\t\t\t<span class=\"deco2\"><\/span><br \/>\n\t\t\t\t\t\t<span class=\"deco3\"><\/span><\/p>\n<div class=\"zn-imgtextblock-imgbox\" title=\"\">\n<figure class=\"zn-imgtextblock-figure\">\n\t\t\t\t\t\t\t<img decoding=\"async\" class=\"zn-imgtextblock-img\" src=\"https:\/\/www.km0.info\/wp-inside\/uploads\/2019\/06\/hackaton-credit-agricole-km0-1024x768.jpg\" alt=\"km0 mulhouse event hackaton\"><br \/>\n\t\t\t\t\t\t\t\t\t\t\t\t\t<\/figure>\n<\/p><\/div>\n<\/p><\/div>\n<\/p><\/div>\n<div class=\"columns large-6 large-pull-6 zn-imgtextblock-coldesc\" data-equalizer-watch=\"\">\n<div class=\"columns-inner zn-imgtextblock-descbox\">\n<div class=\"zn-imgtextblock-desc wig-content\">\n<h2>Ihr Raum zur Miete, 15 Minuten von Mulhouse Gare entfernt<\/h2>\n<p>KM\u00d8 befindet sich im Herzen des <strong>Viertels Fonderie<\/strong>, in der N\u00e4he der Universit\u00e4t und des neuen Maison de l&#8217;industrie (UIMM). Willkommen in einem Studentenviertel in Bewegung, das von der Autobahn aus erreichbar ist und sich in der N\u00e4he des Stadtzentrums befindet.<\/p>\n<p>F\u00fcr Ihre Seminare oder Teambuildings hat die Stadt Mulhouse tolle Angebote im Bereich Kultur, Geschichte, Kunst&#8230; Ganz zu schweigen von all den touristischen Attraktionen des Elsass. Sie brauchen nicht weiter zu suchen&nbsp;!<\/p>\n<p>Die Anmietung eines Raumes bei KM\u00d8 Mulhouse wird Ihnen <strong>ab 375 \u20ac zzgl. MwSt. f\u00fcr einen halben Tag<\/strong> in einem der 2 Kolloquiumss\u00e4le (geschlossen, verglast, voll ausgestattet) angeboten.<\/p>\n<\/div><\/div>\n<\/p><\/div>\n<\/p><\/div>\n<\/p><\/div>\n<\/p><\/div>\n<\/div>\n<\/div>\n<p><!-- \/flzn:zn_imgtextblock --><br \/>\n<!-- flzn:zn_calltoaction --><\/p>\n<div id=\"flzn-calltoaction-1\" class=\"zn zone zn-calltoaction with-bg bg-color bg-color-is-gray\"><span class=\"zone-bg bg-color bgc-gray alignfull\"><\/span><\/p>\n<div class=\"zone-block zn-calltoaction-block alignfull va-top text-center\">\n<div class=\"zn-calltoaction-list row small-up-1 medium-up-1 nb-bloc-1 alignfull va-top text-center oneblock\" data-equalizer=\"\" data-equalize-on=\"large\">\n<div class=\"zn-calltoaction-bloc column\" data-equalizer-watch=\"\">\n<div class=\"column-inner\">\n<div class=\"zn-calltoaction-innerbox\">\n<div class=\"zn-calltoaction-bloc-titledesc\">\n<h3 class=\"zn-calltoaction-bloc-title h2\">\n  Sie organisieren eine Pro-Veranstaltung in Mulhouse&nbsp;?  <\/h3>\n<\/p><\/div>\n<div class=\"zn-calltoaction-buttons-box\">\n<p>\t\t\t\t\t\t\t\t\t\t\t\t\t\t\t\t<a class=\"button secondary arrow\" href=\"\/?page_id=4309\" title=\"Vermietung von R\u00e4umen\"><br \/>\n  Mehr zu den R\u00e4umen  <\/a><\/p>\n<p>\t\t\t\t\t\t\t\t\t\t\t\t\t\t\t\t<a class=\"button secondary arrow\" href=\"\/?page_id=18\" title=\"Einen Raum mieten\"><br \/>\n  Kontakt aufnehmen  <\/a>\n\t\t\t\t\t\t\t\t\t\t\t\t\t\t\t\t\t\t\t\t<\/div>\n<\/p><\/div>\n<\/p><\/div>\n<\/p><\/div>\n<\/p><\/div>\n<\/div>\n<\/div>\n<p><!-- \/flzn:zn_calltoaction --><br \/>\n<!-- flzn:zn_galleryblock --><\/p>\n<div id=\"flzn-galleryblock-1\" class=\"zn zone zn-galleryblock with-bg bg-color bg-color-is-white\"><span class=\"zone-bg bg-color bgc-white alignfull\"><\/span><\/p>\n<div class=\"zone-block zn-galleryblock-block alignwide va-top\">\n<div class=\"row mw-content-zone\">\n<div class=\"large-12 columns\">\n<div class=\"zn-galleryblock-list row small-up-2 medium-up-3 xlarge-up-4 blockgrid-center gallery\">\n<div class=\"zn-galleryblock-item gallery-item column\">\n<div class=\"zn-galleryblock-item-inner\">\n\t\t\t\t\t\t\t<a class=\"swipebox\" href=\"https:\/\/www.km0.info\/wp-inside\/uploads\/2020\/09\/colloque-u-185x185.jpg\" title=\"\" rel=\"galleryzone-flzn-galleryblock-1\"><\/p>\n<div class=\"imgbox\">\n\t\t\t\t\t\t\t\t\t\t\t\t\t\t\t\t\t\t<img decoding=\"async\" src=\"https:\/\/www.km0.info\/wp-inside\/uploads\/2020\/09\/colloque-u-185x185.jpg\" alt=\"Raum Kolloquium\" data-interchange=\"[https:\/\/www.km0.info\/wp-inside\/uploads\/2020\/09\/colloque-u-185x185.jpg, small],[https:\/\/www.km0.info\/wp-inside\/uploads\/2020\/09\/colloque-u-370x300.jpg, gsmall],[https:\/\/www.km0.info\/wp-inside\/uploads\/2020\/09\/colloque-u-185x185.jpg, large],[https:\/\/www.km0.info\/wp-inside\/uploads\/2020\/09\/colloque-u-370x300.jpg, glarge],\">\n\t\t\t\t\t\t\t\t<\/div>\n<p>\t\t\t\t\t\t\t<\/a>\n\t\t\t\t\t\t<\/div>\n<\/p><\/div>\n<div class=\"zn-galleryblock-item gallery-item column\">\n<div class=\"zn-galleryblock-item-inner\">\n\t\t\t\t\t\t\t<a class=\"swipebox\" href=\"https:\/\/www.km0.info\/wp-inside\/uploads\/2020\/01\/evenement-km0-48h-tourisme-185x185.jpg\" title=\"\" rel=\"galleryzone-flzn-galleryblock-1\"><\/p>\n<div class=\"imgbox\">\n\t\t\t\t\t\t\t\t\t\t\t\t\t\t\t\t\t\t<img decoding=\"async\" src=\"https:\/\/www.km0.info\/wp-inside\/uploads\/2020\/01\/evenement-km0-48h-tourisme-185x185.jpg\" alt=\"event km0 48h tourismus\" data-interchange=\"[https:\/\/www.km0.info\/wp-inside\/uploads\/2020\/01\/evenement-km0-48h-tourisme-185x185.jpg, small],[https:\/\/www.km0.info\/wp-inside\/uploads\/2020\/01\/evenement-km0-48h-tourisme-370x300.jpg, gsmall],[https:\/\/www.km0.info\/wp-inside\/uploads\/2020\/01\/evenement-km0-48h-tourisme-185x185.jpg, large],[https:\/\/www.km0.info\/wp-inside\/uploads\/2020\/01\/evenement-km0-48h-tourisme-370x300.jpg, glarge],\">\n\t\t\t\t\t\t\t\t<\/div>\n<p>\t\t\t\t\t\t\t<\/a>\n\t\t\t\t\t\t<\/div>\n<\/p><\/div>\n<div class=\"zn-galleryblock-item gallery-item column\">\n<div class=\"zn-galleryblock-item-inner\">\n\t\t\t\t\t\t\t<a class=\"swipebox\" href=\"https:\/\/www.km0.info\/wp-inside\/uploads\/2020\/09\/salle-colloque-mulhouse-185x185.jpg\" title=\"\" rel=\"galleryzone-flzn-galleryblock-1\"><\/p>\n<div class=\"imgbox\">\n\t\t\t\t\t\t\t\t\t\t\t\t\t\t\t\t\t\t<img decoding=\"async\" src=\"https:\/\/www.km0.info\/wp-inside\/uploads\/2020\/09\/salle-colloque-mulhouse-185x185.jpg\" alt=\"Saal Kolloquium, Mulhouse\" data-interchange=\"[https:\/\/www.km0.info\/wp-inside\/uploads\/2020\/09\/salle-colloque-mulhouse-185x185.jpg, small],[https:\/\/www.km0.info\/wp-inside\/uploads\/2020\/09\/salle-colloque-mulhouse-370x300.jpg, gsmall],[https:\/\/www.km0.info\/wp-inside\/uploads\/2020\/09\/salle-colloque-mulhouse-185x185.jpg, large],[https:\/\/www.km0.info\/wp-inside\/uploads\/2020\/09\/salle-colloque-mulhouse-370x300.jpg, glarge],\">\n\t\t\t\t\t\t\t\t<\/div>\n<p>\t\t\t\t\t\t\t<\/a>\n\t\t\t\t\t\t<\/div>\n<\/p><\/div>\n<div class=\"zn-galleryblock-item gallery-item column\">\n<div class=\"zn-galleryblock-item-inner\">\n\t\t\t\t\t\t\t<a class=\"swipebox\" href=\"https:\/\/www.km0.info\/wp-inside\/uploads\/2019\/11\/salle-gradins-mulhouse-185x185.jpg\" title=\"\" rel=\"galleryzone-flzn-galleryblock-1\"><\/p>\n<div class=\"imgbox\">\n\t\t\t\t\t\t\t\t\t\t\t\t\t\t\t\t\t\t<img decoding=\"async\" src=\"https:\/\/www.km0.info\/wp-inside\/uploads\/2019\/11\/salle-gradins-mulhouse-185x185.jpg\" alt=\"Trib\u00fcnenraum 100 Personen\" data-interchange=\"[https:\/\/www.km0.info\/wp-inside\/uploads\/2019\/11\/salle-gradins-mulhouse-185x185.jpg, small],[https:\/\/www.km0.info\/wp-inside\/uploads\/2019\/11\/salle-gradins-mulhouse-370x300.jpg, gsmall],[https:\/\/www.km0.info\/wp-inside\/uploads\/2019\/11\/salle-gradins-mulhouse-185x185.jpg, large],[https:\/\/www.km0.info\/wp-inside\/uploads\/2019\/11\/salle-gradins-mulhouse-370x300.jpg, glarge],\">\n\t\t\t\t\t\t\t\t<\/div>\n<p>\t\t\t\t\t\t\t<\/a>\n\t\t\t\t\t\t<\/div>\n<\/p><\/div>\n<div class=\"zn-galleryblock-item gallery-item column\">\n<div class=\"zn-galleryblock-item-inner\">\n\t\t\t\t\t\t\t<a class=\"swipebox\" href=\"https:\/\/www.km0.info\/wp-inside\/uploads\/2020\/09\/louer-salle-conference-mulhouse-185x185.jpg\" title=\"\" rel=\"galleryzone-flzn-galleryblock-1\"><\/p>\n<div class=\"imgbox\">\n\t\t\t\t\t\t\t\t\t\t\t\t\t\t\t\t\t\t<img decoding=\"async\" src=\"https:\/\/www.km0.info\/wp-inside\/uploads\/2020\/09\/louer-salle-conference-mulhouse-185x185.jpg\" alt=\"Konferenzraum mieten, Mulhouse\" data-interchange=\"[https:\/\/www.km0.info\/wp-inside\/uploads\/2020\/09\/louer-salle-conference-mulhouse-185x185.jpg, small],[https:\/\/www.km0.info\/wp-inside\/uploads\/2020\/09\/louer-salle-conference-mulhouse-370x300.jpg, gsmall],[https:\/\/www.km0.info\/wp-inside\/uploads\/2020\/09\/louer-salle-conference-mulhouse-185x185.jpg, large],[https:\/\/www.km0.info\/wp-inside\/uploads\/2020\/09\/louer-salle-conference-mulhouse-370x300.jpg, glarge],\">\n\t\t\t\t\t\t\t\t<\/div>\n<p>\t\t\t\t\t\t\t<\/a>\n\t\t\t\t\t\t<\/div>\n<\/p><\/div>\n<div class=\"zn-galleryblock-item gallery-item column\">\n<div class=\"zn-galleryblock-item-inner\">\n\t\t\t\t\t\t\t<a class=\"swipebox\" href=\"https:\/\/www.km0.info\/wp-inside\/uploads\/2020\/09\/2019-12-13-10.42.25-185x185.jpg\" title=\"\" rel=\"galleryzone-flzn-galleryblock-1\"><\/p>\n<div class=\"imgbox\">\n\t\t\t\t\t\t\t\t\t\t\t\t\t\t\t\t\t\t<img decoding=\"async\" src=\"https:\/\/www.km0.info\/wp-inside\/uploads\/2020\/09\/2019-12-13-10.42.25-185x185.jpg\" alt=\"Halle\" data-interchange=\"[https:\/\/www.km0.info\/wp-inside\/uploads\/2020\/09\/2019-12-13-10.42.25-185x185.jpg, small],[https:\/\/www.km0.info\/wp-inside\/uploads\/2020\/09\/2019-12-13-10.42.25-370x300.jpg, gsmall],[https:\/\/www.km0.info\/wp-inside\/uploads\/2020\/09\/2019-12-13-10.42.25-185x185.jpg, large],[https:\/\/www.km0.info\/wp-inside\/uploads\/2020\/09\/2019-12-13-10.42.25-370x300.jpg, glarge],\">\n\t\t\t\t\t\t\t\t<\/div>\n<p>\t\t\t\t\t\t\t<\/a>\n\t\t\t\t\t\t<\/div>\n<\/p><\/div>\n<div class=\"zn-galleryblock-item gallery-item column\">\n<div class=\"zn-galleryblock-item-inner\">\n\t\t\t\t\t\t\t<a class=\"swipebox\" href=\"https:\/\/www.km0.info\/wp-inside\/uploads\/2020\/09\/salle-seminaire-a-louer-km0-185x185.jpg\" title=\"\" rel=\"galleryzone-flzn-galleryblock-1\"><\/p>\n<div class=\"imgbox\">\n\t\t\t\t\t\t\t\t\t\t\t\t\t\t\t\t\t\t<img decoding=\"async\" src=\"https:\/\/www.km0.info\/wp-inside\/uploads\/2020\/09\/salle-seminaire-a-louer-km0-185x185.jpg\" alt=\"Seminarraum zu vermieten, KM\u00d8\" data-interchange=\"[https:\/\/www.km0.info\/wp-inside\/uploads\/2020\/09\/salle-seminaire-a-louer-km0-185x185.jpg, small],[https:\/\/www.km0.info\/wp-inside\/uploads\/2020\/09\/salle-seminaire-a-louer-km0-370x300.jpg, gsmall],[https:\/\/www.km0.info\/wp-inside\/uploads\/2020\/09\/salle-seminaire-a-louer-km0-185x185.jpg, large],[https:\/\/www.km0.info\/wp-inside\/uploads\/2020\/09\/salle-seminaire-a-louer-km0-370x300.jpg, glarge],\">\n\t\t\t\t\t\t\t\t<\/div>\n<p>\t\t\t\t\t\t\t<\/a>\n\t\t\t\t\t\t<\/div>\n<\/p><\/div>\n<div class=\"zn-galleryblock-item gallery-item column\">\n<div class=\"zn-galleryblock-item-inner\">\n\t\t\t\t\t\t\t<a class=\"swipebox\" href=\"https:\/\/www.km0.info\/wp-inside\/uploads\/2021\/04\/salle-colloque-e1619788963717.jpg\" title=\"\" rel=\"galleryzone-flzn-galleryblock-1\"><\/p>\n<div class=\"imgbox\">\n\t\t\t\t\t\t\t\t\t\t\t\t\t\t\t\t\t\t<img decoding=\"async\" src=\"https:\/\/www.km0.info\/wp-inside\/uploads\/2021\/04\/salle-colloque-e1619788963717-185x185.jpg\" alt=\"Raum Kolloquium\" data-interchange=\"[https:\/\/www.km0.info\/wp-inside\/uploads\/2021\/04\/salle-colloque-e1619788963717-185x185.jpg, small],[https:\/\/www.km0.info\/wp-inside\/uploads\/2021\/04\/salle-colloque-e1619788963717-370x300.jpg, gsmall],[https:\/\/www.km0.info\/wp-inside\/uploads\/2021\/04\/salle-colloque-e1619788963717-185x185.jpg, large],[https:\/\/www.km0.info\/wp-inside\/uploads\/2021\/04\/salle-colloque-e1619788963717-370x300.jpg, glarge],\">\n\t\t\t\t\t\t\t\t<\/div>\n<p>\t\t\t\t\t\t\t<\/a>\n\t\t\t\t\t\t<\/div>\n<\/p><\/div>\n<div class=\"zn-galleryblock-item gallery-item column\">\n<div class=\"zn-galleryblock-item-inner\">\n\t\t\t\t\t\t\t<a class=\"swipebox\" href=\"https:\/\/www.km0.info\/wp-inside\/uploads\/2020\/10\/evenement-salle-km0-185x185.jpg\" title=\"\" rel=\"galleryzone-flzn-galleryblock-1\"><\/p>\n<div class=\"imgbox\">\n\t\t\t\t\t\t\t\t\t\t\t\t\t\t\t\t\t\t<img decoding=\"async\" src=\"https:\/\/www.km0.info\/wp-inside\/uploads\/2020\/10\/evenement-salle-km0-185x185.jpg\" alt=\"\" data-interchange=\"[https:\/\/www.km0.info\/wp-inside\/uploads\/2020\/10\/evenement-salle-km0-185x185.jpg, small],[https:\/\/www.km0.info\/wp-inside\/uploads\/2020\/10\/evenement-salle-km0-370x300.jpg, gsmall],[https:\/\/www.km0.info\/wp-inside\/uploads\/2020\/10\/evenement-salle-km0-185x185.jpg, large],[https:\/\/www.km0.info\/wp-inside\/uploads\/2020\/10\/evenement-salle-km0-370x300.jpg, glarge],\">\n\t\t\t\t\t\t\t\t<\/div>\n<p>\t\t\t\t\t\t\t<\/a>\n\t\t\t\t\t\t<\/div>\n<\/p><\/div>\n<div class=\"zn-galleryblock-item gallery-item column\">\n<div class=\"zn-galleryblock-item-inner\">\n\t\t\t\t\t\t\t<a class=\"swipebox\" href=\"https:\/\/www.km0.info\/wp-inside\/uploads\/2020\/10\/location-salle-mulhouse-cocktail-185x185.jpg\" title=\"\" rel=\"galleryzone-flzn-galleryblock-1\"><\/p>\n<div class=\"imgbox\">\n\t\t\t\t\t\t\t\t\t\t\t\t\t\t\t\t\t\t<img decoding=\"async\" src=\"https:\/\/www.km0.info\/wp-inside\/uploads\/2020\/10\/location-salle-mulhouse-cocktail-185x185.jpg\" alt=\"\" data-interchange=\"[https:\/\/www.km0.info\/wp-inside\/uploads\/2020\/10\/location-salle-mulhouse-cocktail-185x185.jpg, small],[https:\/\/www.km0.info\/wp-inside\/uploads\/2020\/10\/location-salle-mulhouse-cocktail-370x300.jpg, gsmall],[https:\/\/www.km0.info\/wp-inside\/uploads\/2020\/10\/location-salle-mulhouse-cocktail-185x185.jpg, large],[https:\/\/www.km0.info\/wp-inside\/uploads\/2020\/10\/location-salle-mulhouse-cocktail-370x300.jpg, glarge],\">\n\t\t\t\t\t\t\t\t<\/div>\n<p>\t\t\t\t\t\t\t<\/a>\n\t\t\t\t\t\t<\/div>\n<\/p><\/div>\n<div class=\"zn-galleryblock-item gallery-item column\">\n<div class=\"zn-galleryblock-item-inner\">\n\t\t\t\t\t\t\t<a class=\"swipebox\" href=\"https:\/\/www.km0.info\/wp-inside\/uploads\/2020\/10\/louer-salle-mulhouse-inter-colloque-luc-boegly-185x185.jpg\" title=\"\" rel=\"galleryzone-flzn-galleryblock-1\"><\/p>\n<div class=\"imgbox\">\n\t\t\t\t\t\t\t\t\t\t\t\t\t\t\t\t\t\t<img decoding=\"async\" src=\"https:\/\/www.km0.info\/wp-inside\/uploads\/2020\/10\/louer-salle-mulhouse-inter-colloque-luc-boegly-185x185.jpg\" alt=\"Raum mieten\" data-interchange=\"[https:\/\/www.km0.info\/wp-inside\/uploads\/2020\/10\/louer-salle-mulhouse-inter-colloque-luc-boegly-185x185.jpg, small],[https:\/\/www.km0.info\/wp-inside\/uploads\/2020\/10\/louer-salle-mulhouse-inter-colloque-luc-boegly-370x300.jpg, gsmall],[https:\/\/www.km0.info\/wp-inside\/uploads\/2020\/10\/louer-salle-mulhouse-inter-colloque-luc-boegly-185x185.jpg, large],[https:\/\/www.km0.info\/wp-inside\/uploads\/2020\/10\/louer-salle-mulhouse-inter-colloque-luc-boegly-370x300.jpg, glarge],\">\n\t\t\t\t\t\t\t\t<\/div>\n<p>\t\t\t\t\t\t\t<\/a>\n\t\t\t\t\t\t<\/div>\n<\/p><\/div>\n<div class=\"zn-galleryblock-item gallery-item column\">\n<div class=\"zn-galleryblock-item-inner\">\n\t\t\t\t\t\t\t<a class=\"swipebox\" href=\"https:\/\/www.km0.info\/wp-inside\/uploads\/2019\/11\/salle-mulhouse-185x185.jpg\" title=\"\" rel=\"galleryzone-flzn-galleryblock-1\"><\/p>\n<div class=\"imgbox\">\n\t\t\t\t\t\t\t\t\t\t\t\t\t\t\t\t\t\t<img decoding=\"async\" src=\"https:\/\/www.km0.info\/wp-inside\/uploads\/2019\/11\/salle-mulhouse-185x185.jpg\" alt=\"espace evenementiel mulhouse\" data-interchange=\"[https:\/\/www.km0.info\/wp-inside\/uploads\/2019\/11\/salle-mulhouse-185x185.jpg, small],[https:\/\/www.km0.info\/wp-inside\/uploads\/2019\/11\/salle-mulhouse-370x300.jpg, gsmall],[https:\/\/www.km0.info\/wp-inside\/uploads\/2019\/11\/salle-mulhouse-185x185.jpg, large],[https:\/\/www.km0.info\/wp-inside\/uploads\/2019\/11\/salle-mulhouse-370x300.jpg, glarge],\">\n\t\t\t\t\t\t\t\t<\/div>\n<p>\t\t\t\t\t\t\t<\/a>\n\t\t\t\t\t\t<\/div>\n<\/p><\/div>\n<\/p><\/div>\n<\/p><\/div>\n<\/p><\/div>\n<\/div>\n<\/div>\n<p><!-- \/flzn:zn_galleryblock --><\/p>\n","protected":false},"excerpt":{"rendered":"<p>Eine gro\u00dfe Veranstaltungshalle, 2 Kolloquiumss\u00e4le, 1 Auditorium&nbsp;: Organisieren Sie Ihre professionellen Veranstaltungen in Mulhouse (Elsass, Grand Est). Das KM\u00d8 ist mit dem Zug, der Stra\u00dfenbahn, dem Auto oder dem Fahrrad [&hellip;]<\/p>\n","protected":false},"author":3,"featured_media":0,"parent":8842,"menu_order":0,"comment_status":"closed","ping_status":"closed","template":"","meta":{"_acf_changed":false,"footnotes":""},"class_list":["post-8846","page","type-page","status-publish","hentry","wp-sticky"],"acf":[],"yoast_head":"<!-- This site is optimized with the Yoast SEO plugin v27.5 - https:\/\/yoast.com\/product\/yoast-seo-wordpress\/ -->\n<title>Veranstaltungsraum mieten Mulhouse, Konferenzraum mieten<\/title>\n<meta name=\"robots\" content=\"index, follow, max-snippet:-1, max-image-preview:large, max-video-preview:-1\" \/>\n<link rel=\"canonical\" href=\"https:\/\/www.km0.info\/de\/vermietung-von-raumen\/raumvermietung-in-mulhouse\/\" \/>\n<meta property=\"og:locale\" content=\"de_DE\" \/>\n<meta property=\"og:type\" content=\"article\" \/>\n<meta property=\"og:title\" content=\"Veranstaltungsraum mieten Mulhouse, Konferenzraum mieten\" \/>\n<meta property=\"og:description\" content=\"Eine gro\u00dfe Veranstaltungshalle, 2 Kolloquiumss\u00e4le, 1 Auditorium&nbsp;: Organisieren Sie Ihre professionellen Veranstaltungen in Mulhouse (Elsass, Grand Est). Das KM\u00d8 ist mit dem Zug, der Stra\u00dfenbahn, dem Auto oder dem Fahrrad [&hellip;]\" \/>\n<meta property=\"og:url\" content=\"https:\/\/www.km0.info\/de\/vermietung-von-raumen\/raumvermietung-in-mulhouse\/\" \/>\n<meta property=\"og:site_name\" content=\"KM\u00d8\" \/>\n<meta property=\"og:image\" content=\"https:\/\/www.km0.info\/wp-inside\/uploads\/2020\/10\/louer-salle-congres-mulhouse-1024x682.jpg\" \/>\n<meta name=\"twitter:card\" content=\"summary_large_image\" \/>\n<meta name=\"twitter:label1\" content=\"Gesch\u00e4tzte Lesezeit\" \/>\n\t<meta name=\"twitter:data1\" content=\"2\u00a0Minuten\" \/>\n<script type=\"application\/ld+json\" class=\"yoast-schema-graph\">{\"@context\":\"https:\\\/\\\/schema.org\",\"@graph\":[{\"@type\":\"WebPage\",\"@id\":\"https:\\\/\\\/www.km0.info\\\/de\\\/vermietung-von-raumen\\\/raumvermietung-in-mulhouse\\\/\",\"url\":\"https:\\\/\\\/www.km0.info\\\/de\\\/vermietung-von-raumen\\\/raumvermietung-in-mulhouse\\\/\",\"name\":\"Veranstaltungsraum mieten Mulhouse, Konferenzraum mieten\",\"isPartOf\":{\"@id\":\"https:\\\/\\\/www.km0.info\\\/de\\\/#website\"},\"primaryImageOfPage\":{\"@id\":\"https:\\\/\\\/www.km0.info\\\/de\\\/vermietung-von-raumen\\\/raumvermietung-in-mulhouse\\\/#primaryimage\"},\"image\":{\"@id\":\"https:\\\/\\\/www.km0.info\\\/de\\\/vermietung-von-raumen\\\/raumvermietung-in-mulhouse\\\/#primaryimage\"},\"thumbnailUrl\":\"https:\\\/\\\/www.km0.info\\\/wp-inside\\\/uploads\\\/2020\\\/10\\\/louer-salle-congres-mulhouse-1024x682.jpg\",\"datePublished\":\"2022-12-13T08:32:12+00:00\",\"breadcrumb\":{\"@id\":\"https:\\\/\\\/www.km0.info\\\/de\\\/vermietung-von-raumen\\\/raumvermietung-in-mulhouse\\\/#breadcrumb\"},\"inLanguage\":\"de\",\"potentialAction\":[{\"@type\":\"ReadAction\",\"target\":[\"https:\\\/\\\/www.km0.info\\\/de\\\/vermietung-von-raumen\\\/raumvermietung-in-mulhouse\\\/\"]}]},{\"@type\":\"ImageObject\",\"inLanguage\":\"de\",\"@id\":\"https:\\\/\\\/www.km0.info\\\/de\\\/vermietung-von-raumen\\\/raumvermietung-in-mulhouse\\\/#primaryimage\",\"url\":\"https:\\\/\\\/www.km0.info\\\/wp-inside\\\/uploads\\\/2020\\\/10\\\/louer-salle-congres-mulhouse-1024x682.jpg\",\"contentUrl\":\"https:\\\/\\\/www.km0.info\\\/wp-inside\\\/uploads\\\/2020\\\/10\\\/louer-salle-congres-mulhouse-1024x682.jpg\"},{\"@type\":\"BreadcrumbList\",\"@id\":\"https:\\\/\\\/www.km0.info\\\/de\\\/vermietung-von-raumen\\\/raumvermietung-in-mulhouse\\\/#breadcrumb\",\"itemListElement\":[{\"@type\":\"ListItem\",\"position\":1,\"name\":\"Accueil\",\"item\":\"https:\\\/\\\/www.km0.info\\\/de\\\/\"},{\"@type\":\"ListItem\",\"position\":2,\"name\":\"Vermietung von R\u00e4umen\",\"item\":\"https:\\\/\\\/www.km0.info\\\/de\\\/vermietung-von-raumen\\\/\"},{\"@type\":\"ListItem\",\"position\":3,\"name\":\"Raumvermietung in Mulhouse\"}]},{\"@type\":\"WebSite\",\"@id\":\"https:\\\/\\\/www.km0.info\\\/de\\\/#website\",\"url\":\"https:\\\/\\\/www.km0.info\\\/de\\\/\",\"name\":\"KM\u00d8\",\"description\":\"Lieu d&#039;innovation d\u00e9di\u00e9 \u00e0 la transformation digitale de l&#039;industrie\",\"publisher\":{\"@id\":\"https:\\\/\\\/www.km0.info\\\/de\\\/#organization\"},\"potentialAction\":[{\"@type\":\"SearchAction\",\"target\":{\"@type\":\"EntryPoint\",\"urlTemplate\":\"https:\\\/\\\/www.km0.info\\\/de\\\/?s={search_term_string}\"},\"query-input\":{\"@type\":\"PropertyValueSpecification\",\"valueRequired\":true,\"valueName\":\"search_term_string\"}}],\"inLanguage\":\"de\"},{\"@type\":\"Organization\",\"@id\":\"https:\\\/\\\/www.km0.info\\\/de\\\/#organization\",\"name\":\"KM\u00d8\",\"url\":\"https:\\\/\\\/www.km0.info\\\/de\\\/\",\"logo\":{\"@type\":\"ImageObject\",\"inLanguage\":\"de\",\"@id\":\"https:\\\/\\\/www.km0.info\\\/de\\\/#\\\/schema\\\/logo\\\/image\\\/\",\"url\":\"https:\\\/\\\/www.km0.info\\\/wp-inside\\\/uploads\\\/2020\\\/10\\\/logo-km0-quadri-200x155-1.png\",\"contentUrl\":\"https:\\\/\\\/www.km0.info\\\/wp-inside\\\/uploads\\\/2020\\\/10\\\/logo-km0-quadri-200x155-1.png\",\"width\":200,\"height\":155,\"caption\":\"KM\u00d8\"},\"image\":{\"@id\":\"https:\\\/\\\/www.km0.info\\\/de\\\/#\\\/schema\\\/logo\\\/image\\\/\"}}]}<\/script>\n<!-- \/ Yoast SEO plugin. -->","yoast_head_json":{"title":"Veranstaltungsraum mieten Mulhouse, Konferenzraum mieten","robots":{"index":"index","follow":"follow","max-snippet":"max-snippet:-1","max-image-preview":"max-image-preview:large","max-video-preview":"max-video-preview:-1"},"canonical":"https:\/\/www.km0.info\/de\/vermietung-von-raumen\/raumvermietung-in-mulhouse\/","og_locale":"de_DE","og_type":"article","og_title":"Veranstaltungsraum mieten Mulhouse, Konferenzraum mieten","og_description":"Eine gro\u00dfe Veranstaltungshalle, 2 Kolloquiumss\u00e4le, 1 Auditorium&nbsp;: Organisieren Sie Ihre professionellen Veranstaltungen in Mulhouse (Elsass, Grand Est). Das KM\u00d8 ist mit dem Zug, der Stra\u00dfenbahn, dem Auto oder dem Fahrrad [&hellip;]","og_url":"https:\/\/www.km0.info\/de\/vermietung-von-raumen\/raumvermietung-in-mulhouse\/","og_site_name":"KM\u00d8","og_image":[{"url":"https:\/\/www.km0.info\/wp-inside\/uploads\/2020\/10\/louer-salle-congres-mulhouse-1024x682.jpg","type":"","width":"","height":""}],"twitter_card":"summary_large_image","twitter_misc":{"Gesch\u00e4tzte Lesezeit":"2\u00a0Minuten"},"schema":{"@context":"https:\/\/schema.org","@graph":[{"@type":"WebPage","@id":"https:\/\/www.km0.info\/de\/vermietung-von-raumen\/raumvermietung-in-mulhouse\/","url":"https:\/\/www.km0.info\/de\/vermietung-von-raumen\/raumvermietung-in-mulhouse\/","name":"Veranstaltungsraum mieten Mulhouse, Konferenzraum mieten","isPartOf":{"@id":"https:\/\/www.km0.info\/de\/#website"},"primaryImageOfPage":{"@id":"https:\/\/www.km0.info\/de\/vermietung-von-raumen\/raumvermietung-in-mulhouse\/#primaryimage"},"image":{"@id":"https:\/\/www.km0.info\/de\/vermietung-von-raumen\/raumvermietung-in-mulhouse\/#primaryimage"},"thumbnailUrl":"https:\/\/www.km0.info\/wp-inside\/uploads\/2020\/10\/louer-salle-congres-mulhouse-1024x682.jpg","datePublished":"2022-12-13T08:32:12+00:00","breadcrumb":{"@id":"https:\/\/www.km0.info\/de\/vermietung-von-raumen\/raumvermietung-in-mulhouse\/#breadcrumb"},"inLanguage":"de","potentialAction":[{"@type":"ReadAction","target":["https:\/\/www.km0.info\/de\/vermietung-von-raumen\/raumvermietung-in-mulhouse\/"]}]},{"@type":"ImageObject","inLanguage":"de","@id":"https:\/\/www.km0.info\/de\/vermietung-von-raumen\/raumvermietung-in-mulhouse\/#primaryimage","url":"https:\/\/www.km0.info\/wp-inside\/uploads\/2020\/10\/louer-salle-congres-mulhouse-1024x682.jpg","contentUrl":"https:\/\/www.km0.info\/wp-inside\/uploads\/2020\/10\/louer-salle-congres-mulhouse-1024x682.jpg"},{"@type":"BreadcrumbList","@id":"https:\/\/www.km0.info\/de\/vermietung-von-raumen\/raumvermietung-in-mulhouse\/#breadcrumb","itemListElement":[{"@type":"ListItem","position":1,"name":"Accueil","item":"https:\/\/www.km0.info\/de\/"},{"@type":"ListItem","position":2,"name":"Vermietung von R\u00e4umen","item":"https:\/\/www.km0.info\/de\/vermietung-von-raumen\/"},{"@type":"ListItem","position":3,"name":"Raumvermietung in Mulhouse"}]},{"@type":"WebSite","@id":"https:\/\/www.km0.info\/de\/#website","url":"https:\/\/www.km0.info\/de\/","name":"KM\u00d8","description":"Lieu d&#039;innovation d\u00e9di\u00e9 \u00e0 la transformation digitale de l&#039;industrie","publisher":{"@id":"https:\/\/www.km0.info\/de\/#organization"},"potentialAction":[{"@type":"SearchAction","target":{"@type":"EntryPoint","urlTemplate":"https:\/\/www.km0.info\/de\/?s={search_term_string}"},"query-input":{"@type":"PropertyValueSpecification","valueRequired":true,"valueName":"search_term_string"}}],"inLanguage":"de"},{"@type":"Organization","@id":"https:\/\/www.km0.info\/de\/#organization","name":"KM\u00d8","url":"https:\/\/www.km0.info\/de\/","logo":{"@type":"ImageObject","inLanguage":"de","@id":"https:\/\/www.km0.info\/de\/#\/schema\/logo\/image\/","url":"https:\/\/www.km0.info\/wp-inside\/uploads\/2020\/10\/logo-km0-quadri-200x155-1.png","contentUrl":"https:\/\/www.km0.info\/wp-inside\/uploads\/2020\/10\/logo-km0-quadri-200x155-1.png","width":200,"height":155,"caption":"KM\u00d8"},"image":{"@id":"https:\/\/www.km0.info\/de\/#\/schema\/logo\/image\/"}}]}},"_links":{"self":[{"href":"https:\/\/www.km0.info\/de\/wp-json\/wp\/v2\/pages\/8846","targetHints":{"allow":["GET"]}}],"collection":[{"href":"https:\/\/www.km0.info\/de\/wp-json\/wp\/v2\/pages"}],"about":[{"href":"https:\/\/www.km0.info\/de\/wp-json\/wp\/v2\/types\/page"}],"author":[{"embeddable":true,"href":"https:\/\/www.km0.info\/de\/wp-json\/wp\/v2\/users\/3"}],"replies":[{"embeddable":true,"href":"https:\/\/www.km0.info\/de\/wp-json\/wp\/v2\/comments?post=8846"}],"version-history":[{"count":0,"href":"https:\/\/www.km0.info\/de\/wp-json\/wp\/v2\/pages\/8846\/revisions"}],"up":[{"embeddable":true,"href":"https:\/\/www.km0.info\/de\/wp-json\/wp\/v2\/pages\/8842"}],"wp:attachment":[{"href":"https:\/\/www.km0.info\/de\/wp-json\/wp\/v2\/media?parent=8846"}],"curies":[{"name":"wp","href":"https:\/\/api.w.org\/{rel}","templated":true}]}}